{"id":2833,"date":"2024-03-26T16:30:51","date_gmt":"2024-03-26T15:30:51","guid":{"rendered":"https:\/\/www.analisisgerencial.cat\/aviso-legal\/"},"modified":"2024-03-27T14:13:21","modified_gmt":"2024-03-27T13:13:21","slug":"aviso-legal","status":"publish","type":"page","link":"https:\/\/www.analisisgerencial.cat\/es\/aviso-legal\/","title":{"rendered":"Aviso legal"},"content":{"rendered":"<style>.elementor-2833 .elementor-element.elementor-element-ba93c31{--display:flex;--margin-top:3em;--margin-bottom:3em;--margin-left:0em;--margin-right:0em;--padding-top:1em;--padding-bottom:1em;--padding-left:1em;--padding-right:1em;}:root{--page-title-display:none;}<\/style>\t\t<div data-elementor-type=\"wp-page\" data-elementor-id=\"2833\" class=\"elementor elementor-2833 elementor-2657\" data-elementor-post-type=\"page\">\n\t\t\t\t<div class=\"elementor-element elementor-element-ba93c31 e-flex e-con-boxed e-con e-parent\" data-id=\"ba93c31\" data-element_type=\"container\">\n\t\t\t\t\t<div class=\"e-con-inner\">\n\t\t\t\t<div class=\"elementor-element elementor-element-efc7e09 elementor-widget elementor-widget-heading\" data-id=\"efc7e09\" data-element_type=\"widget\" data-widget_type=\"heading.default\">\n\t\t\t\t<div class=\"elementor-widget-container\">\n\t\t\t\t\t<h1 class=\"elementor-heading-title elementor-size-default\">Aviso legal<\/h1>\t\t\t\t<\/div>\n\t\t\t\t<\/div>\n\t\t\t\t<div class=\"elementor-element elementor-element-ca988aa elementor-widget elementor-widget-text-editor\" data-id=\"ca988aa\" data-element_type=\"widget\" data-widget_type=\"text-editor.default\">\n\t\t\t\t<div class=\"elementor-widget-container\">\n\t\t\t\t\t\t\t\t\t<p>En cumplimiento del art\u00edculo 10 de la Ley 34\/2002, de 11 de julio, de Servicios de la Sociedad de la Informaci\u00f3n y de Comercio Electr\u00f3nico (en adelante LSSI), pasamos a indicar:<\/p>\n<p>Titular de la p\u00e1gina web: <strong>An\u00e0lisis Gerencial y de Serveis S.L. (AGS, SL)<\/strong><\/p>\n<ul>\n<li>Direcci\u00f3n: C\/ de la Diputaci\u00f3, 273, 1\u00ba \u2013 1\u00aa<\/li>\n<li>CP: 08007 \u2013 Barcelona<\/li>\n<li>CIF: B-60.993.847<\/li>\n<\/ul>\n<p>Sociedad inscrita en el Registro Mercantil de Barcelona, Tomo 28.673, Hoja 80, Hoja B-419.783<\/p>\n<h4>Propiedad intelectual y responsabilidad sobre los contenidos.<\/h4>\n<p>Queda prohibido cualquier uso de todos los contenidos de la p\u00e1gina web de AGS, SL, concretamente sobre los textos, dise\u00f1o, obras, marcas, logotipos, c\u00f3digo fuente, im\u00e1genes y cualquier otro susceptible de protecci\u00f3n, sin la autorizaci\u00f3n expresa de sus titulares, salvo la posibilidad de compartir contenidos cuando AGS, SL as\u00ed lo autorice.<\/p>\n<p>Cualquier uso no permitido ser\u00e1 debidamente perseguido por los leg\u00edtimos propietarios. Igualmente, todos los nombres comerciales, marcas o signos distintivos de cualquier clase contenidos en la p\u00e1gina web de AGS, SL est\u00e1n protegidos por la ley.<\/p>\n<p>AGS, SL no se hace responsable de los contenidos a los que se dirigen los enlaces ubicados en la p\u00e1gina web, en su caso, seg\u00fan lo establecido en el art\u00edculo 17 de la LSSI.<\/p>\n<p>AGS, SL no concede ning\u00fan tipo de licencia o autorizaci\u00f3n de uso personal o profesional al Usuario sobre sus derechos de propiedad intelectual e industrial o sobre cualquier otro derecho relacionado con la p\u00e1gina web titularidad de AGS, SL y los servicios ofrecidos en la misma.<\/p>\n<p>Por ello, el Usuario reconoce que la reproducci\u00f3n, distribuci\u00f3n, comercializaci\u00f3n, transformaci\u00f3n, y en general, cualquier otra forma de explotaci\u00f3n, por cualquier procedimiento, de todo o parte de los contenidos de esta p\u00e1gina web constituye una infracci\u00f3n de los derechos de propiedad intelectual y\/o industrial de AGS, SL o del titular de los mismos, pudiendo dar lugar al ejercicio por parte de AGS, SL de todas las acciones judiciales o extrajudiciales que pudieran corresponder en ejercicio de sus derechos.<\/p>\n<p>Asimismo, la informaci\u00f3n a la que el usuario puede acceder a trav\u00e9s de la p\u00e1gina web de AGS, SL, puede estar protegida por derechos de propiedad industrial, intelectual o de otra \u00edndole. En consecuencia AGS, SL no ser\u00e1 responsable en ning\u00fan caso y bajo ning\u00fan concepto de las infracciones que pueda cometer el Usuario en relaci\u00f3n con estos derechos.<\/p>\n<p>Legislaci\u00f3n aplicable y jurisdicci\u00f3n competente.<\/p>\n<p>La presente pol\u00edtica legal queda sujeta a lo establecido por las leyes espa\u00f1olas. Para cualquier conflicto derivado de la interpretaci\u00f3n de las mismas, las partes se someten a la jurisdicci\u00f3n de los Tribunales de la ciudad de Barcelona, siempre que ello no sea contrario a lo dispuesto en el art\u00edculo 29 de la LSSI.<\/p>\n<h4>Condiciones de uso.<\/h4>\n<p>El Usuario se compromete a utilizar la p\u00e1gina web, los contenidos y servicios de conformidad con la Ley, el presente Aviso Legal, las buenas costumbres y el orden p\u00fablico. Del mismo modo, el Usuario se obliga a no utilizar la p\u00e1gina web, sus contenidos o servicios que se presten a trav\u00e9s de la misma con fines o efectos il\u00edcitos, siendo contrarios a esta pol\u00edtica legal, o lesivos de intereses o derechos de terceros, o que de cualquier otra forma, pueda da\u00f1ar, inutilizar, hacer inaccesibles o deteriorar la p\u00e1gina web, sus contenidos o sus servicios o impedir un uso normal de la misma por parte de otros usuarios.<\/p>\n<p>Asimismo, el Usuario se compromete expresamente a no destruir, alterar, inutilizar o, de cualquier otra forma, da\u00f1ar los datos, programas o documentos electr\u00f3nicos que se encuentren en la p\u00e1gina web.<\/p>\n<h4>Condiciones particulares.<\/h4>\n<p>Este Aviso Legal es de aplicaci\u00f3n para cualquier Usuario que acceda a la p\u00e1gina web titularidad de AGS, SL.<\/p>\n<p>Los usuarios que entreguen sus datos personales para cualquiera de las funcionalidades de la p\u00e1gina web de AGS, SL, deber\u00e1n aceptar la Pol\u00edtica de Privacidad.<\/p>\n\t\t\t\t\t\t\t\t<\/div>\n\t\t\t\t<\/div>\n\t\t\t\t\t<\/div>\n\t\t\t\t<\/div>\n\t\t\t\t<\/div>\n\t\t","protected":false},"excerpt":{"rendered":"<p>En cumplimiento del art\u00edculo 10 de la Ley 34\/2002, de 11 de julio, de Servicios de la Sociedad de la Informaci\u00f3n y de Comercio Electr\u00f3nico (en adelante LSSI), pasamos a indicar: Titular de la p\u00e1gina web: An\u00e0lisis Gerencial y de Serveis S.L. (AGS, SL) Direcci\u00f3n: C\/ de la Diputaci\u00f3, 273, 1\u00ba \u2013 1\u00aa CP: 08007 [&hellip;]<\/p>\n","protected":false},"author":1,"featured_media":0,"parent":0,"menu_order":0,"comment_status":"closed","ping_status":"closed","template":"","meta":{"footnotes":""},"class_list":["post-2833","page","type-page","status-publish","hentry"],"yoast_head":"<!-- This site is optimized with the Yoast SEO plugin v27.3 - https:\/\/yoast.com\/product\/yoast-seo-wordpress\/ -->\n<title>Aviso legal &#8212; An\u00e0lisis Gerencial i de Serveis<\/title>\n<meta name=\"description\" content=\"An\u00e0lisis Gerencial y de Serveis S.L. - C\/ de la Diputaci\u00f3, 273, 1\u00ba \u2013 1\u00aaCP: 08007 \u2013 Barcelona. CIF: B-60.993.847\" \/>\n<meta name=\"robots\" content=\"index, follow, max-snippet:-1, max-image-preview:large, max-video-preview:-1\" \/>\n<link rel=\"canonical\" href=\"https:\/\/www.analisisgerencial.cat\/es\/aviso-legal\/\" \/>\n<meta property=\"og:locale\" content=\"es_ES\" \/>\n<meta property=\"og:type\" content=\"article\" \/>\n<meta property=\"og:title\" content=\"Aviso legal &#8212; An\u00e0lisis Gerencial i de Serveis\" \/>\n<meta property=\"og:description\" content=\"An\u00e0lisis Gerencial y de Serveis S.L. - C\/ de la Diputaci\u00f3, 273, 1\u00ba \u2013 1\u00aaCP: 08007 \u2013 Barcelona. CIF: B-60.993.847\" \/>\n<meta property=\"og:url\" content=\"https:\/\/www.analisisgerencial.cat\/es\/aviso-legal\/\" \/>\n<meta property=\"og:site_name\" content=\"An\u00e0lisis Gerencial i de Serveis\" \/>\n<meta property=\"article:modified_time\" content=\"2024-03-27T13:13:21+00:00\" \/>\n<meta property=\"og:image\" content=\"https:\/\/www.analisisgerencial.cat\/wp-content\/uploads\/2024\/03\/consultoria-ags.jpg\" \/>\n\t<meta property=\"og:image:width\" content=\"1200\" \/>\n\t<meta property=\"og:image:height\" content=\"800\" \/>\n\t<meta property=\"og:image:type\" content=\"image\/jpeg\" \/>\n<meta name=\"twitter:card\" content=\"summary_large_image\" \/>\n<meta name=\"twitter:label1\" content=\"Tiempo de lectura\" \/>\n\t<meta name=\"twitter:data1\" content=\"3 minutos\" \/>\n<script type=\"application\/ld+json\" class=\"yoast-schema-graph\">{\"@context\":\"https:\\\/\\\/schema.org\",\"@graph\":[{\"@type\":\"WebPage\",\"@id\":\"https:\\\/\\\/www.analisisgerencial.cat\\\/es\\\/aviso-legal\\\/\",\"url\":\"https:\\\/\\\/www.analisisgerencial.cat\\\/es\\\/aviso-legal\\\/\",\"name\":\"Aviso legal &#8212; An\u00e0lisis Gerencial i de Serveis\",\"isPartOf\":{\"@id\":\"https:\\\/\\\/www.analisisgerencial.cat\\\/es\\\/#website\"},\"datePublished\":\"2024-03-26T15:30:51+00:00\",\"dateModified\":\"2024-03-27T13:13:21+00:00\",\"description\":\"An\u00e0lisis Gerencial y de Serveis S.L. - C\\\/ de la Diputaci\u00f3, 273, 1\u00ba \u2013 1\u00aaCP: 08007 \u2013 Barcelona. CIF: B-60.993.847\",\"breadcrumb\":{\"@id\":\"https:\\\/\\\/www.analisisgerencial.cat\\\/es\\\/aviso-legal\\\/#breadcrumb\"},\"inLanguage\":\"es\",\"potentialAction\":[{\"@type\":\"ReadAction\",\"target\":[\"https:\\\/\\\/www.analisisgerencial.cat\\\/es\\\/aviso-legal\\\/\"]}]},{\"@type\":\"BreadcrumbList\",\"@id\":\"https:\\\/\\\/www.analisisgerencial.cat\\\/es\\\/aviso-legal\\\/#breadcrumb\",\"itemListElement\":[{\"@type\":\"ListItem\",\"position\":1,\"name\":\"Inici\",\"item\":\"https:\\\/\\\/www.analisisgerencial.cat\\\/es\\\/home\\\/\"},{\"@type\":\"ListItem\",\"position\":2,\"name\":\"Aviso legal\"}]},{\"@type\":\"WebSite\",\"@id\":\"https:\\\/\\\/www.analisisgerencial.cat\\\/es\\\/#website\",\"url\":\"https:\\\/\\\/www.analisisgerencial.cat\\\/es\\\/\",\"name\":\"An\u00e1lisis Gerencial\",\"description\":\"Assessoria Fiscal, Laboral i Comptable\",\"publisher\":{\"@id\":\"https:\\\/\\\/www.analisisgerencial.cat\\\/es\\\/#organization\"},\"alternateName\":\"AGS Servei\",\"potentialAction\":[{\"@type\":\"SearchAction\",\"target\":{\"@type\":\"EntryPoint\",\"urlTemplate\":\"https:\\\/\\\/www.analisisgerencial.cat\\\/es\\\/?s={search_term_string}\"},\"query-input\":{\"@type\":\"PropertyValueSpecification\",\"valueRequired\":true,\"valueName\":\"search_term_string\"}}],\"inLanguage\":\"es\"},{\"@type\":\"Organization\",\"@id\":\"https:\\\/\\\/www.analisisgerencial.cat\\\/es\\\/#organization\",\"name\":\"An\u00e1lisis Gerencial\",\"alternateName\":\"AGS Servei\",\"url\":\"https:\\\/\\\/www.analisisgerencial.cat\\\/es\\\/\",\"logo\":{\"@type\":\"ImageObject\",\"inLanguage\":\"es\",\"@id\":\"https:\\\/\\\/www.analisisgerencial.cat\\\/es\\\/#\\\/schema\\\/logo\\\/image\\\/\",\"url\":\"https:\\\/\\\/www.analisisgerencial.cat\\\/wp-content\\\/uploads\\\/2023\\\/12\\\/Logo-AGS.png\",\"contentUrl\":\"https:\\\/\\\/www.analisisgerencial.cat\\\/wp-content\\\/uploads\\\/2023\\\/12\\\/Logo-AGS.png\",\"width\":1575,\"height\":531,\"caption\":\"An\u00e1lisis Gerencial\"},\"image\":{\"@id\":\"https:\\\/\\\/www.analisisgerencial.cat\\\/es\\\/#\\\/schema\\\/logo\\\/image\\\/\"}}]}<\/script>\n<!-- \/ Yoast SEO plugin. -->","yoast_head_json":{"title":"Aviso legal &#8212; An\u00e0lisis Gerencial i de Serveis","description":"An\u00e0lisis Gerencial y de Serveis S.L. - C\/ de la Diputaci\u00f3, 273, 1\u00ba \u2013 1\u00aaCP: 08007 \u2013 Barcelona. CIF: B-60.993.847","robots":{"index":"index","follow":"follow","max-snippet":"max-snippet:-1","max-image-preview":"max-image-preview:large","max-video-preview":"max-video-preview:-1"},"canonical":"https:\/\/www.analisisgerencial.cat\/es\/aviso-legal\/","og_locale":"es_ES","og_type":"article","og_title":"Aviso legal &#8212; An\u00e0lisis Gerencial i de Serveis","og_description":"An\u00e0lisis Gerencial y de Serveis S.L. - C\/ de la Diputaci\u00f3, 273, 1\u00ba \u2013 1\u00aaCP: 08007 \u2013 Barcelona. CIF: B-60.993.847","og_url":"https:\/\/www.analisisgerencial.cat\/es\/aviso-legal\/","og_site_name":"An\u00e0lisis Gerencial i de Serveis","article_modified_time":"2024-03-27T13:13:21+00:00","og_image":[{"width":1200,"height":800,"url":"https:\/\/www.analisisgerencial.cat\/wp-content\/uploads\/2024\/03\/consultoria-ags.jpg","type":"image\/jpeg"}],"twitter_card":"summary_large_image","twitter_misc":{"Tiempo de lectura":"3 minutos"},"schema":{"@context":"https:\/\/schema.org","@graph":[{"@type":"WebPage","@id":"https:\/\/www.analisisgerencial.cat\/es\/aviso-legal\/","url":"https:\/\/www.analisisgerencial.cat\/es\/aviso-legal\/","name":"Aviso legal &#8212; An\u00e0lisis Gerencial i de Serveis","isPartOf":{"@id":"https:\/\/www.analisisgerencial.cat\/es\/#website"},"datePublished":"2024-03-26T15:30:51+00:00","dateModified":"2024-03-27T13:13:21+00:00","description":"An\u00e0lisis Gerencial y de Serveis S.L. - C\/ de la Diputaci\u00f3, 273, 1\u00ba \u2013 1\u00aaCP: 08007 \u2013 Barcelona. CIF: B-60.993.847","breadcrumb":{"@id":"https:\/\/www.analisisgerencial.cat\/es\/aviso-legal\/#breadcrumb"},"inLanguage":"es","potentialAction":[{"@type":"ReadAction","target":["https:\/\/www.analisisgerencial.cat\/es\/aviso-legal\/"]}]},{"@type":"BreadcrumbList","@id":"https:\/\/www.analisisgerencial.cat\/es\/aviso-legal\/#breadcrumb","itemListElement":[{"@type":"ListItem","position":1,"name":"Inici","item":"https:\/\/www.analisisgerencial.cat\/es\/home\/"},{"@type":"ListItem","position":2,"name":"Aviso legal"}]},{"@type":"WebSite","@id":"https:\/\/www.analisisgerencial.cat\/es\/#website","url":"https:\/\/www.analisisgerencial.cat\/es\/","name":"An\u00e1lisis Gerencial","description":"Assessoria Fiscal, Laboral i Comptable","publisher":{"@id":"https:\/\/www.analisisgerencial.cat\/es\/#organization"},"alternateName":"AGS Servei","potentialAction":[{"@type":"SearchAction","target":{"@type":"EntryPoint","urlTemplate":"https:\/\/www.analisisgerencial.cat\/es\/?s={search_term_string}"},"query-input":{"@type":"PropertyValueSpecification","valueRequired":true,"valueName":"search_term_string"}}],"inLanguage":"es"},{"@type":"Organization","@id":"https:\/\/www.analisisgerencial.cat\/es\/#organization","name":"An\u00e1lisis Gerencial","alternateName":"AGS Servei","url":"https:\/\/www.analisisgerencial.cat\/es\/","logo":{"@type":"ImageObject","inLanguage":"es","@id":"https:\/\/www.analisisgerencial.cat\/es\/#\/schema\/logo\/image\/","url":"https:\/\/www.analisisgerencial.cat\/wp-content\/uploads\/2023\/12\/Logo-AGS.png","contentUrl":"https:\/\/www.analisisgerencial.cat\/wp-content\/uploads\/2023\/12\/Logo-AGS.png","width":1575,"height":531,"caption":"An\u00e1lisis Gerencial"},"image":{"@id":"https:\/\/www.analisisgerencial.cat\/es\/#\/schema\/logo\/image\/"}}]}},"_links":{"self":[{"href":"https:\/\/www.analisisgerencial.cat\/es\/wp-json\/wp\/v2\/pages\/2833","targetHints":{"allow":["GET"]}}],"collection":[{"href":"https:\/\/www.analisisgerencial.cat\/es\/wp-json\/wp\/v2\/pages"}],"about":[{"href":"https:\/\/www.analisisgerencial.cat\/es\/wp-json\/wp\/v2\/types\/page"}],"author":[{"embeddable":true,"href":"https:\/\/www.analisisgerencial.cat\/es\/wp-json\/wp\/v2\/users\/1"}],"replies":[{"embeddable":true,"href":"https:\/\/www.analisisgerencial.cat\/es\/wp-json\/wp\/v2\/comments?post=2833"}],"version-history":[{"count":0,"href":"https:\/\/www.analisisgerencial.cat\/es\/wp-json\/wp\/v2\/pages\/2833\/revisions"}],"wp:attachment":[{"href":"https:\/\/www.analisisgerencial.cat\/es\/wp-json\/wp\/v2\/media?parent=2833"}],"curies":[{"name":"wp","href":"https:\/\/api.w.org\/{rel}","templated":true}]}}